{"id":1156,"date":"2025-12-10T11:32:08","date_gmt":"2025-12-10T11:32:08","guid":{"rendered":"https:\/\/atelier-des-bergues.ch\/?post_type=avada_faq&#038;p=1156"},"modified":"2025-12-10T11:32:08","modified_gmt":"2025-12-10T11:32:08","slug":"quels-sont-les-delais-pour-creer-une-chevaliere-sur-mesure","status":"publish","type":"avada_faq","link":"https:\/\/atelier-des-bergues.ch\/en\/faq-items\/quels-sont-les-delais-pour-creer-une-chevaliere-sur-mesure\/","title":{"rendered":"Quels sont les d\u00e9lais pour cr\u00e9er une chevali\u00e8re sur mesure ?"},"content":{"rendered":"<p>La confection d\u2019une chevali\u00e8re sur mesure peut prendre plusieurs semaines, de la conception initiale \u00e0 la livraison finale. Cela d\u00e9pend de la complexit\u00e9 du design, des mat\u00e9riaux choisis et des ateliers du joaillier. Anticipez un d\u00e9lai moyen de 4 \u00e0 6 semaines.<\/p>\n","protected":false},"excerpt":{"rendered":"<p>La confection d\u2019une chevali\u00e8re sur mesure peut prendre plusieurs semaines, [&hellip;]<\/p>\n","protected":false},"author":2,"featured_media":0,"menu_order":0,"comment_status":"closed","ping_status":"closed","template":"","format":"standard","meta":{"footnotes":""},"faq_category":[45],"class_list":["post-1156","avada_faq","type-avada_faq","status-publish","format-standard","hentry","faq_category-chevalieres-sur-mesure"],"_links":{"self":[{"href":"https:\/\/atelier-des-bergues.ch\/en\/wp-json\/wp\/v2\/avada_faq\/1156","targetHints":{"allow":["GET"]}}],"collection":[{"href":"https:\/\/atelier-des-bergues.ch\/en\/wp-json\/wp\/v2\/avada_faq"}],"about":[{"href":"https:\/\/atelier-des-bergues.ch\/en\/wp-json\/wp\/v2\/types\/avada_faq"}],"author":[{"embeddable":true,"href":"https:\/\/atelier-des-bergues.ch\/en\/wp-json\/wp\/v2\/users\/2"}],"replies":[{"embeddable":true,"href":"https:\/\/atelier-des-bergues.ch\/en\/wp-json\/wp\/v2\/comments?post=1156"}],"version-history":[{"count":1,"href":"https:\/\/atelier-des-bergues.ch\/en\/wp-json\/wp\/v2\/avada_faq\/1156\/revisions"}],"predecessor-version":[{"id":1157,"href":"https:\/\/atelier-des-bergues.ch\/en\/wp-json\/wp\/v2\/avada_faq\/1156\/revisions\/1157"}],"wp:attachment":[{"href":"https:\/\/atelier-des-bergues.ch\/en\/wp-json\/wp\/v2\/media?parent=1156"}],"wp:term":[{"taxonomy":"faq_category","embeddable":true,"href":"https:\/\/atelier-des-bergues.ch\/en\/wp-json\/wp\/v2\/faq_category?post=1156"}],"curies":[{"name":"wp","href":"https:\/\/api.w.org\/{rel}","templated":true}]}}