{"id":1215,"date":"2026-01-14T16:20:21","date_gmt":"2026-01-14T16:20:21","guid":{"rendered":"https:\/\/atelier-des-bergues.ch\/?post_type=avada_faq&#038;p=1215"},"modified":"2026-01-14T16:20:21","modified_gmt":"2026-01-14T16:20:21","slug":"pourquoi-utiliser-uniquement-de-lor-ecologique-influence-t-il-lempreinte-carbone","status":"publish","type":"avada_faq","link":"https:\/\/atelier-des-bergues.ch\/en\/faq-items\/pourquoi-utiliser-uniquement-de-lor-ecologique-influence-t-il-lempreinte-carbone\/","title":{"rendered":"Pourquoi utiliser uniquement de l\u2019or \u00e9cologique influence-t-il l\u2019empreinte carbone\u202f?"},"content":{"rendered":"<p>En optant pour l\u2019or \u00e9cologique, la consommation \u00e9nerg\u00e9tique totale li\u00e9e \u00e0 la production reste tr\u00e8s basse. Aucun produit p\u00e9trolier lourd ni proc\u00e9d\u00e9 chimique n\u2019entre en jeu, ce qui all\u00e8ge consid\u00e9rablement la facture carbone globale des bijoux ou objets con\u00e7us.<\/p>\n<ul>\n<li>Moins de transport international<\/li>\n<li>Diminution de la consommation \u00e9lectrique intensive<\/li>\n<li>Transport mutualis\u00e9 ou local privil\u00e9gi\u00e9<\/li>\n<\/ul>\n<p>Cette strat\u00e9gie joue directement sur le volume de\u00a0CO<sub>2<\/sub>\u00a0rejet\u00e9, contribuant activement \u00e0 la r\u00e9duction de l\u2019empreinte carbone.<\/p>\n","protected":false},"excerpt":{"rendered":"<p>En optant pour l\u2019or \u00e9cologique, la consommation \u00e9nerg\u00e9tique totale li\u00e9e [&hellip;]<\/p>\n","protected":false},"author":2,"featured_media":0,"menu_order":0,"comment_status":"closed","ping_status":"closed","template":"","format":"standard","meta":{"footnotes":""},"faq_category":[48],"class_list":["post-1215","avada_faq","type-avada_faq","status-publish","format-standard","hentry","faq_category-lor-ecologique-et-ses-alternatives"],"_links":{"self":[{"href":"https:\/\/atelier-des-bergues.ch\/en\/wp-json\/wp\/v2\/avada_faq\/1215","targetHints":{"allow":["GET"]}}],"collection":[{"href":"https:\/\/atelier-des-bergues.ch\/en\/wp-json\/wp\/v2\/avada_faq"}],"about":[{"href":"https:\/\/atelier-des-bergues.ch\/en\/wp-json\/wp\/v2\/types\/avada_faq"}],"author":[{"embeddable":true,"href":"https:\/\/atelier-des-bergues.ch\/en\/wp-json\/wp\/v2\/users\/2"}],"replies":[{"embeddable":true,"href":"https:\/\/atelier-des-bergues.ch\/en\/wp-json\/wp\/v2\/comments?post=1215"}],"version-history":[{"count":2,"href":"https:\/\/atelier-des-bergues.ch\/en\/wp-json\/wp\/v2\/avada_faq\/1215\/revisions"}],"predecessor-version":[{"id":1217,"href":"https:\/\/atelier-des-bergues.ch\/en\/wp-json\/wp\/v2\/avada_faq\/1215\/revisions\/1217"}],"wp:attachment":[{"href":"https:\/\/atelier-des-bergues.ch\/en\/wp-json\/wp\/v2\/media?parent=1215"}],"wp:term":[{"taxonomy":"faq_category","embeddable":true,"href":"https:\/\/atelier-des-bergues.ch\/en\/wp-json\/wp\/v2\/faq_category?post=1215"}],"curies":[{"name":"wp","href":"https:\/\/api.w.org\/{rel}","templated":true}]}}